{"id":497,"date":"2023-06-04T07:56:54","date_gmt":"2023-06-04T07:56:54","guid":{"rendered":"https:\/\/www.belgae.be\/fr\/?page_id=497"},"modified":"2023-08-08T18:57:00","modified_gmt":"2023-08-08T18:57:00","slug":"artistes","status":"publish","type":"page","link":"https:\/\/www.belgae.be\/fr\/artistes\/","title":{"rendered":"Artistes"},"content":{"rendered":"<p>[et_pb_section fb_built=&#8221;1&#8243; _builder_version=&#8221;4.21.0&#8243; _module_preset=&#8221;default&#8221; background_color=&#8221;RGBA(255,255,255,0)&#8221; background_enable_video_mp4=&#8221;off&#8221; background_video_width=&#8221;100vw&#8221; background_video_height=&#8221;100vh&#8221; z_index=&#8221;3&#8243; custom_padding=&#8221;14vh||17vh||false|false&#8221; custom_css_main_element=&#8221;z-index:10;&#8221; global_colors_info=&#8221;{}&#8221;][et_pb_row disabled_on=&#8221;off|on|on&#8221; _builder_version=&#8221;4.21.0&#8243; _module_preset=&#8221;default&#8221; width=&#8221;100%&#8221; custom_margin=&#8221;||||false|false&#8221; custom_padding=&#8221;0px||0px||false|false&#8221; global_colors_info=&#8221;{}&#8221; custom_css_main_element_last_edited=&#8221;on|phone&#8221;][et_pb_column type=&#8221;4_4&#8243; _builder_version=&#8221;4.20.2&#8243; _module_preset=&#8221;default&#8221; custom_padding=&#8221;||||false|false&#8221; global_colors_info=&#8221;{}&#8221;][et_pb_text module_class=&#8221;cgen-wordsSection cgen-addPaddingLeftMobile&#8221; _builder_version=&#8221;4.21.0&#8243; _module_preset=&#8221;default&#8221; header_font_size=&#8221;2em&#8221; max_width=&#8221;75vw&#8221; module_alignment=&#8221;left&#8221; custom_margin=&#8221;4vh||||false|false&#8221; custom_margin_tablet=&#8221;0vh||4vh||false|false&#8221; custom_margin_phone=&#8221;0vh||1vh||false|false&#8221; custom_margin_last_edited=&#8221;on|tablet&#8221; header_font_size_tablet=&#8221;1.4em&#8221; header_font_size_phone=&#8221;&#8221; header_font_size_last_edited=&#8221;on|phone&#8221; global_colors_info=&#8221;{}&#8221;]<\/p>\n<h1><span>Artistes &amp; Cr\u00e9ateurs<\/span><\/h1>\n<p>[\/et_pb_text][et_pb_text _builder_version=&#8221;4.21.0&#8243; _module_preset=&#8221;default&#8221; text_text_color=&#8221;#FFFFFF&#8221; header_font_size=&#8221;2em&#8221; max_width=&#8221;75vw&#8221; module_alignment=&#8221;left&#8221; custom_margin=&#8221;4vh||||false|false&#8221; custom_margin_tablet=&#8221;0vh||4vh||false|false&#8221; custom_margin_phone=&#8221;0vh||1vh||false|false&#8221; custom_margin_last_edited=&#8221;on|tablet&#8221; custom_padding=&#8221;|||3vw|false|false&#8221; header_font_size_tablet=&#8221;1.4em&#8221; header_font_size_phone=&#8221;&#8221; header_font_size_last_edited=&#8221;on|phone&#8221; global_colors_info=&#8221;{}&#8221;]<\/p>\n<p><span>Gr\u00e2ce \u00e0 nos collaborations \u00e9troites, chaque v\u00eatement que vous trouverez chez nous est bien plus qu&#8217;un simple habit : c&#8217;est l&#8217;\u0153uvre d&#8217;art d&#8217;un artiste, que vous pourrez porter avec fiert\u00e9.<\/span><\/p>\n<p><span>Ici, l&#8217;art se transforme en v\u00eatement et la mode devient une forme d&#8217;expression authentique.<\/span><\/p>\n<p>[\/et_pb_text][\/et_pb_column][\/et_pb_row][et_pb_row custom_padding_last_edited=&#8221;on|tablet&#8221; module_class=&#8221;cgen-glitchContainer&#8221; _builder_version=&#8221;4.21.0&#8243; _module_preset=&#8221;default&#8221; z_index=&#8221;4&#8243; max_width=&#8221;none&#8221; module_alignment=&#8221;right&#8221; custom_margin=&#8221;||||false|false&#8221; custom_padding=&#8221;||0px|320px|false|false&#8221; custom_padding_tablet=&#8221;||0px|180px|false|false&#8221; custom_padding_phone=&#8221;||0px|10vw|false|false&#8221; custom_css_main_element=&#8221;z-index: 4;&#8221; global_colors_info=&#8221;{}&#8221; custom_css_main_element_last_edited=&#8221;on|phone&#8221; custom_css_main_element_tablet=&#8221;z-index: 4;&#8221; custom_css_main_element_phone=&#8221;z-index: 4;&#8221;][et_pb_column type=&#8221;4_4&#8243; _builder_version=&#8221;4.20.2&#8243; _module_preset=&#8221;default&#8221; custom_padding=&#8221;||||false|false&#8221; global_colors_info=&#8221;{}&#8221;][et_pb_code _builder_version=&#8221;4.21.0&#8243; _module_preset=&#8221;default&#8221; global_colors_info=&#8221;{}&#8221;]<div class=\"cgen-wordsSection cgen-glitchContainer cgen-displayFlex\"><div class=\"tableCell--container onePxBlackBorder tableCell\"><a href=\"https:\/\/www.belgae.be\/fr\/artiste\/default\/\" class=\"tableCell--a et_pb_image\"><img decoding=\"async\" class=\"tableCell--img\" src=\"https:\/\/www.belgae.be\/fr\/wp-content\/uploads\/sites\/2\/2023\/08\/331800696_1568567993646490_6933610442367471137_n.jpg\" alt=\"default\"><div class=\"tableCell--div\"><span>default<\/span><\/div><\/a><\/div><div class=\"tableCell--container onePxBlackBorder tableCell\"><a href=\"https:\/\/www.belgae.be\/fr\/artiste\/example-artiste-1\/\" class=\"tableCell--a et_pb_image\"><img decoding=\"async\" class=\"tableCell--img\" src=\"https:\/\/www.belgae.be\/fr\/wp-content\/uploads\/sites\/2\/2023\/08\/frankie-cordoba-fPYJeMmYWM4-unsplash.jpg\" alt=\"Example Artiste 1\"><div class=\"tableCell--div\"><span>Example Artiste 1<\/span><\/div><\/a><\/div><div class=\"tableCell--container onePxBlackBorder tableCell\"><a href=\"https:\/\/www.belgae.be\/fr\/artiste\/example-artiste-2\/\" class=\"tableCell--a et_pb_image\"><img decoding=\"async\" class=\"tableCell--img\" src=\"https:\/\/www.belgae.be\/fr\/wp-content\/uploads\/sites\/2\/2023\/08\/marty-o-neill-Jo-ypJVt8gQ-unsplash.jpg\" alt=\"Example Artiste 2\"><div class=\"tableCell--div\"><span>Example Artiste 2<\/span><\/div><\/a><\/div><div class=\"tableCell--container onePxBlackBorder tableCell\"><a href=\"https:\/\/www.belgae.be\/fr\/artiste\/example-artiste-3\/\" class=\"tableCell--a et_pb_image\"><img decoding=\"async\" class=\"tableCell--img\" src=\"https:\/\/www.belgae.be\/fr\/wp-content\/uploads\/sites\/2\/2023\/08\/melissa-mjoen-2LehKnf61PA-unsplash.jpg\" alt=\"Example Artiste 3\"><div class=\"tableCell--div\"><span>Example Artiste 3<\/span><\/div><\/a><\/div><div class=\"tableCell--container onePxBlackBorder tableCell\"><a href=\"https:\/\/www.belgae.be\/fr\/artiste\/example-artiste-4\/\" class=\"tableCell--a et_pb_image\"><img decoding=\"async\" class=\"tableCell--img\" src=\"https:\/\/www.belgae.be\/fr\/wp-content\/uploads\/sites\/2\/2023\/08\/one-zone-studio-fA_EGdXevao-unsplash.jpg\" alt=\"Example Artiste 4\"><div class=\"tableCell--div\"><span>Example Artiste 4<\/span><\/div><\/a><\/div><div class=\"tableCell--container onePxBlackBorder tableCell\"><a href=\"https:\/\/www.belgae.be\/fr\/artiste\/example-artiste-5\/\" class=\"tableCell--a et_pb_image\"><img decoding=\"async\" class=\"tableCell--img\" src=\"https:\/\/www.belgae.be\/fr\/wp-content\/uploads\/sites\/2\/2023\/08\/toa-heftiba-0rlfiRSdVzU-unsplash-1.jpg\" alt=\"Example Artiste 5\"><div class=\"tableCell--div\"><span>Example Artiste 5<\/span><\/div><\/a><\/div><div class=\"tableCell--container onePxBlackBorder tableCell\"><a href=\"https:\/\/www.belgae.be\/fr\/artiste\/example-artiste-6\/\" class=\"tableCell--a et_pb_image\"><img decoding=\"async\" class=\"tableCell--img\" src=\"https:\/\/www.belgae.be\/fr\/wp-content\/uploads\/sites\/2\/2023\/08\/aiony-haust-3TLl_97HNJo-unsplash-1.jpg\" alt=\"Example Artiste 6\"><div class=\"tableCell--div\"><span>Example Artiste 6<\/span><\/div><\/a><\/div><div class=\"tableCell--container onePxBlackBorder tableCell\"><a href=\"https:\/\/www.belgae.be\/fr\/artiste\/example-artiste-7\/\" class=\"tableCell--a et_pb_image\"><img decoding=\"async\" class=\"tableCell--img\" src=\"https:\/\/www.belgae.be\/fr\/wp-content\/uploads\/sites\/2\/2023\/08\/christian-buehner-XiWX754jx0s-unsplash.jpg\" alt=\"Example Artiste 7\"><div class=\"tableCell--div\"><span>Example Artiste 7<\/span><\/div><\/a><\/div><\/div><!-- [et_pb_line_break_holder] --><!-- [et_pb_line_break_holder] --><\/p>\n<style><!-- [et_pb_line_break_holder] --><!-- [et_pb_line_break_holder] -->.cgen-artistsSocialMedia li.et_pb_social_icon a.icon:before {<!-- [et_pb_line_break_holder] -->    color: #000000 !important;<!-- [et_pb_line_break_holder] -->\tfont-size: 1.5em !important;<!-- [et_pb_line_break_holder] -->}<!-- [et_pb_line_break_holder] --><!-- [et_pb_line_break_holder] --> <!-- [et_pb_line_break_holder] -->.cgen-displayFlex{<!-- [et_pb_line_break_holder] -->\tdisplay: flex;<!-- [et_pb_line_break_holder] -->\tflex-wrap: wrap;<!-- [et_pb_line_break_holder] -->}<!-- [et_pb_line_break_holder] --><!-- [et_pb_line_break_holder] -->@media only screen and (min-width: 981px) {<!-- [et_pb_line_break_holder] -->\t.cgen-flexEnd{<!-- [et_pb_line_break_holder] -->\t\tjustify-content: flex-end;<!-- [et_pb_line_break_holder] -->\t}<!-- [et_pb_line_break_holder] -->}<!-- [et_pb_line_break_holder] --><!-- [et_pb_line_break_holder] --><!-- [et_pb_line_break_holder] -->.onePxBlackBorder, .products li{<!-- [et_pb_line_break_holder] -->    border: 1px solid black;<!-- [et_pb_line_break_holder] -->}<!-- [et_pb_line_break_holder] --><!-- [et_pb_line_break_holder] -->.tableRowFlex{<!-- [et_pb_line_break_holder] -->    display: flex;<!-- [et_pb_line_break_holder] -->}<!-- [et_pb_line_break_holder] --><!-- [et_pb_line_break_holder] -->.tableCell{<!-- [et_pb_line_break_holder] -->    flex: 0 0 33.3333%;<!-- [et_pb_line_break_holder] -->}<!-- [et_pb_line_break_holder] --><!-- [et_pb_line_break_holder] -->.tableCell_quarter{<!-- [et_pb_line_break_holder] -->    flex: 0 0 25%;<!-- [et_pb_line_break_holder] -->}<!-- [et_pb_line_break_holder] --><!-- [et_pb_line_break_holder] -->.tableCell--a{<!-- [et_pb_line_break_holder] -->    display: block; <!-- [et_pb_line_break_holder] -->    height: 100%; <!-- [et_pb_line_break_holder] -->    position: relative;<!-- [et_pb_line_break_holder] -->\tline-height: 0;<!-- [et_pb_line_break_holder] -->}<!-- [et_pb_line_break_holder] --><!-- [et_pb_line_break_holder] -->.tableCell--img{<!-- [et_pb_line_break_holder] -->    object-fit: cover;<!-- [et_pb_line_break_holder] -->\taspect-ratio: 1;<!-- [et_pb_line_break_holder] -->}<!-- [et_pb_line_break_holder] --><!-- [et_pb_line_break_holder] -->.tableCell--div, .woocommerce-loop-product__title{<!-- [et_pb_line_break_holder] -->    position:absolute;<!-- [et_pb_line_break_holder] -->    bottom:0;<!-- [et_pb_line_break_holder] -->    margin-right: 10%;<!-- [et_pb_line_break_holder] -->\tz-index: 1;<!-- [et_pb_line_break_holder] -->}<!-- [et_pb_line_break_holder] --><!-- [et_pb_line_break_holder] -->.vignetteArtiste{<!-- [et_pb_line_break_holder] -->\tmax-width: 40%;<!-- [et_pb_line_break_holder] -->\tobject-fit: contain;<!-- [et_pb_line_break_holder] -->\tobject-position: top;<!-- [et_pb_line_break_holder] -->}<!-- [et_pb_line_break_holder] --><!-- [et_pb_line_break_holder] -->.category--text{<!-- [et_pb_line_break_holder] -->\tcolor: black;<!-- [et_pb_line_break_holder] -->}<!-- [et_pb_line_break_holder] --><!-- [et_pb_line_break_holder] -->.category--textContainer{<!-- [et_pb_line_break_holder] -->\tmargin-bottom: 8vh !important;<!-- [et_pb_line_break_holder] -->\tmargin-right: 9vw;<!-- [et_pb_line_break_holder] -->\/* \ttransform: rotate(2deg)!important; *\/<!-- [et_pb_line_break_holder] -->}<!-- [et_pb_line_break_holder] --><!-- [et_pb_line_break_holder] -->.bottomContainer{<!-- [et_pb_line_break_holder] -->\tmargin-left: 4vw;<!-- [et_pb_line_break_holder] -->\tmargin-top: 6vh;<!-- [et_pb_line_break_holder] -->}<!-- [et_pb_line_break_holder] --><!-- [et_pb_line_break_holder] -->.bottomContainer--tags{<!-- [et_pb_line_break_holder] -->\tmax-width: 77%;<!-- [et_pb_line_break_holder] -->}<!-- [et_pb_line_break_holder] --><!-- [et_pb_line_break_holder] -->.bottomContainer--category{<!-- [et_pb_line_break_holder] -->\tmax-width: 60%;<!-- [et_pb_line_break_holder] -->}<!-- [et_pb_line_break_holder] --><!-- [et_pb_line_break_holder] -->.category--superContainer{<!-- [et_pb_line_break_holder] -->\tdisplay: flex;<!-- [et_pb_line_break_holder] -->\tmargin-bottom : 14vh;<!-- [et_pb_line_break_holder] -->}<!-- [et_pb_line_break_holder] --><!-- [et_pb_line_break_holder] --><!-- [et_pb_line_break_holder] -->@media only screen and (max-width: 600px) {<!-- [et_pb_line_break_holder] -->  \t.vignetteArtiste{<!-- [et_pb_line_break_holder] -->    \tz-index: -1;<!-- [et_pb_line_break_holder] -->    \tmax-width: 70%;<!-- [et_pb_line_break_holder] -->\t\tposition: absolute;<!-- [et_pb_line_break_holder] -->\t\ttop: 6%;<!-- [et_pb_line_break_holder] -->\t\tright: 7%;<!-- [et_pb_line_break_holder] -->  \t}<!-- [et_pb_line_break_holder] -->\t.category--textContainer{<!-- [et_pb_line_break_holder] -->\t\tmargin-right: 0;<!-- [et_pb_line_break_holder] -->\t\tmargin-top: 25vh;<!-- [et_pb_line_break_holder] -->\t\ttransform: rotate(0deg)!important;<!-- [et_pb_line_break_holder] -->\t}<!-- [et_pb_line_break_holder] -->\t.category--textContainer span{<!-- [et_pb_line_break_holder] -->\t\tpadding: 2.5% !important;<!-- [et_pb_line_break_holder] -->\t}<!-- [et_pb_line_break_holder] -->\t.bottomContainer{<!-- [et_pb_line_break_holder] -->\t\tmax-width: 80%;<!-- [et_pb_line_break_holder] -->\t\tmargin-left: 0;<!-- [et_pb_line_break_holder] -->\t}<!-- [et_pb_line_break_holder] -->\t.category--superContainer{<!-- [et_pb_line_break_holder] -->\t\tdisplay: block;<!-- [et_pb_line_break_holder] -->\t\tmargin-left: -2.5%;<!-- [et_pb_line_break_holder] -->\t}<!-- [et_pb_line_break_holder] --><!-- [et_pb_line_break_holder] -->\t.et-db #et-boc .et-l h1{<!-- [et_pb_line_break_holder] -->\t\tfont-size: 30px !important;<!-- [et_pb_line_break_holder] -->\t}<!-- [et_pb_line_break_holder] -->\t.tableCell--container{<!-- [et_pb_line_break_holder] -->\t\tflex: 0 0 50%;<!-- [et_pb_line_break_holder] -->\t}<!-- [et_pb_line_break_holder] -->}<!-- [et_pb_line_break_holder] --><!-- [et_pb_line_break_holder] --><!-- [et_pb_line_break_holder] --><\/style>\n<p>[\/et_pb_code][\/et_pb_column][\/et_pb_row][\/et_pb_section][et_pb_section fb_built=&#8221;1&#8243; disabled_on=&#8221;on|off|off&#8221; _builder_version=&#8221;4.20.2&#8243; _module_preset=&#8221;default&#8221; background_color=&#8221;RGBA(255,255,255,0)&#8221; background_enable_video_mp4=&#8221;off&#8221; background_video_width=&#8221;100vw&#8221; background_video_height=&#8221;100vh&#8221; custom_margin=&#8221;||||false|false&#8221; custom_padding=&#8221;29vh||0px||false|false&#8221; custom_css_main_element=&#8221;position: absolute !important;||width: 100%;||top: 0;&#8221; global_colors_info=&#8221;{}&#8221;][et_pb_row _builder_version=&#8221;4.21.0&#8243; _module_preset=&#8221;default&#8221; width=&#8221;345px&#8221; max_width=&#8221;none&#8221; module_alignment=&#8221;left&#8221; custom_margin=&#8221;||||false|false&#8221; custom_padding=&#8221;0px||0px||false|false&#8221; locked=&#8221;off&#8221; global_colors_info=&#8221;{}&#8221; custom_css_main_element_last_edited=&#8221;on|phone&#8221;][et_pb_column type=&#8221;4_4&#8243; _builder_version=&#8221;4.20.2&#8243; _module_preset=&#8221;default&#8221; custom_padding=&#8221;||||false|false&#8221; global_colors_info=&#8221;{}&#8221;][et_pb_text module_class=&#8221;cgen-wordsSection cgen-addPaddingLeftMobile&#8221; _builder_version=&#8221;4.21.0&#8243; _module_preset=&#8221;default&#8221; header_font_size=&#8221;2em&#8221; module_alignment=&#8221;left&#8221; custom_margin=&#8221;4vh||||false|false&#8221; custom_margin_tablet=&#8221;0vh||4vh||false|false&#8221; custom_margin_phone=&#8221;0vh||1vh||false|false&#8221; custom_margin_last_edited=&#8221;on|tablet&#8221; header_font_size_tablet=&#8221;1.4em&#8221; header_font_size_phone=&#8221;&#8221; header_font_size_last_edited=&#8221;on|phone&#8221; global_colors_info=&#8221;{}&#8221;]<\/p>\n<h1><span>Artistes<\/span><\/h1>\n<h1><span>&amp; Cr\u00e9ateurs<\/span><\/h1>\n<p>[\/et_pb_text][et_pb_text _builder_version=&#8221;4.21.0&#8243; _module_preset=&#8221;default&#8221; text_text_color=&#8221;#FFFFFF&#8221; header_text_color=&#8221;#FFFFFF&#8221; header_font_size=&#8221;2em&#8221; module_alignment=&#8221;left&#8221; custom_margin=&#8221;||||false|false&#8221; custom_margin_tablet=&#8221;0vh||4vh||false|false&#8221; custom_margin_phone=&#8221;0vh||1vh||false|false&#8221; custom_margin_last_edited=&#8221;on|tablet&#8221; custom_padding=&#8221;|||2.5vw|false|false&#8221; header_font_size_tablet=&#8221;1.4em&#8221; header_font_size_phone=&#8221;&#8221; header_font_size_last_edited=&#8221;on|phone&#8221; global_colors_info=&#8221;{}&#8221;]<\/p>\n<p><span>Gr\u00e2ce \u00e0 nos collaborations \u00e9troites, chaque v\u00eatement que vous trouverez chez nous est bien plus qu&#8217;un simple habit : c&#8217;est l&#8217;\u0153uvre d&#8217;art d&#8217;un artiste, que vous pourrez porter avec fiert\u00e9.<\/span><\/p>\n<p><span>Ici, l&#8217;art se transforme en v\u00eatement et la mode devient une forme d&#8217;expression authentique.<\/span><\/p>\n<p>[\/et_pb_text][\/et_pb_column][\/et_pb_row][\/et_pb_section][et_pb_section fb_built=&#8221;1&#8243; fullwidth=&#8221;on&#8221; module_class=&#8221;cgen-darkBg&#8221; _builder_version=&#8221;4.21.0&#8243; _module_preset=&#8221;default&#8221; background_enable_video_mp4=&#8221;off&#8221; background_video_pause_outside_viewport=&#8221;off&#8221; positioning=&#8221;fixed&#8221; position_origin_a=&#8221;top_center&#8221; position_origin_f=&#8221;top_center&#8221; z_index=&#8221;-10&#8243; width=&#8221;100vw&#8221; max_width=&#8221;100vw&#8221; height=&#8221;100vh&#8221; hover_enabled=&#8221;0&#8243; global_colors_info=&#8221;{}&#8221; background_enable_image=&#8221;off&#8221; sticky_enabled=&#8221;0&#8243;][et_pb_fullwidth_image src=&#8221;https:\/\/www.belgae.be\/fr\/wp-content\/uploads\/sites\/2\/2023\/08\/paul-hanaoka-6FqkGMOLskY-unsplash-1-2.jpg&#8221; _builder_version=&#8221;4.21.0&#8243; _module_preset=&#8221;default&#8221; alt=&#8221;underground hangar which present works of stylists&#8221; title_text=&#8221;underground hangar which present works of stylists&#8221; hover_enabled=&#8221;0&#8243; sticky_enabled=&#8221;0&#8243;][\/et_pb_fullwidth_image][\/et_pb_section]<\/p>\n","protected":false},"excerpt":{"rendered":"<p>Artistes &amp; Cr\u00e9ateursGr\u00e2ce \u00e0 nos collaborations \u00e9troites, chaque v\u00eatement que vous trouverez chez nous est bien plus qu&#8217;un simple habit : c&#8217;est l&#8217;\u0153uvre d&#8217;art d&#8217;un artiste, que vous pourrez porter avec fiert\u00e9. Ici, l&#8217;art se transforme en v\u00eatement et la mode devient une forme d&#8217;expression authentique.<div class=\"cgen-wordsSection cgen-glitchContainer cgen-displayFlex\"><div class=\"tableCell--container onePxBlackBorder tableCell\"><a href=\"https:\/\/www.belgae.be\/fr\/artiste\/default\/\" class=\"tableCell--a et_pb_image\"><img decoding=\"async\" class=\"tableCell--img\" src=\"https:\/\/www.belgae.be\/fr\/wp-content\/uploads\/sites\/2\/2023\/08\/331800696_1568567993646490_6933610442367471137_n.jpg\" alt=\"default\"><div class=\"tableCell--div\"><span>default<\/span><\/div><\/a><\/div><div class=\"tableCell--container onePxBlackBorder tableCell\"><a href=\"https:\/\/www.belgae.be\/fr\/artiste\/example-artiste-1\/\" class=\"tableCell--a et_pb_image\"><img decoding=\"async\" class=\"tableCell--img\" src=\"https:\/\/www.belgae.be\/fr\/wp-content\/uploads\/sites\/2\/2023\/08\/frankie-cordoba-fPYJeMmYWM4-unsplash.jpg\" alt=\"Example Artiste 1\"><div class=\"tableCell--div\"><span>Example Artiste 1<\/span><\/div><\/a><\/div><div class=\"tableCell--container onePxBlackBorder tableCell\"><a href=\"https:\/\/www.belgae.be\/fr\/artiste\/example-artiste-2\/\" class=\"tableCell--a et_pb_image\"><img decoding=\"async\" class=\"tableCell--img\" src=\"https:\/\/www.belgae.be\/fr\/wp-content\/uploads\/sites\/2\/2023\/08\/marty-o-neill-Jo-ypJVt8gQ-unsplash.jpg\" alt=\"Example Artiste 2\"><div class=\"tableCell--div\"><span>Example Artiste 2<\/span><\/div><\/a><\/div><div class=\"tableCell--container onePxBlackBorder tableCell\"><a href=\"https:\/\/www.belgae.be\/fr\/artiste\/example-artiste-3\/\" class=\"tableCell--a et_pb_image\"><img decoding=\"async\" class=\"tableCell--img\" src=\"https:\/\/www.belgae.be\/fr\/wp-content\/uploads\/sites\/2\/2023\/08\/melissa-mjoen-2LehKnf61PA-unsplash.jpg\" alt=\"Example Artiste 3\"><div class=\"tableCell--div\"><span>Example Artiste 3<\/span><\/div><\/a><\/div><div class=\"tableCell--container onePxBlackBorder tableCell\"><a href=\"https:\/\/www.belgae.be\/fr\/artiste\/example-artiste-4\/\" class=\"tableCell--a et_pb_image\"><img decoding=\"async\" class=\"tableCell--img\" src=\"https:\/\/www.belgae.be\/fr\/wp-content\/uploads\/sites\/2\/2023\/08\/one-zone-studio-fA_EGdXevao-unsplash.jpg\" alt=\"Example Artiste 4\"><div class=\"tableCell--div\"><span>Example Artiste 4<\/span><\/div><\/a><\/div><div class=\"tableCell--container onePxBlackBorder tableCell\"><a href=\"https:\/\/www.belgae.be\/fr\/artiste\/example-artiste-5\/\" class=\"tableCell--a et_pb_image\"><img decoding=\"async\" class=\"tableCell--img\" src=\"https:\/\/www.belgae.be\/fr\/wp-content\/uploads\/sites\/2\/2023\/08\/toa-heftiba-0rlfiRSdVzU-unsplash-1.jpg\" alt=\"Example Artiste 5\"><div class=\"tableCell--div\"><span>Example Artiste 5<\/span><\/div><\/a><\/div><div class=\"tableCell--container onePxBlackBorder tableCell\"><a href=\"https:\/\/www.belgae.be\/fr\/artiste\/example-artiste-6\/\" class=\"tableCell--a et_pb_image\"><img decoding=\"async\" class=\"tableCell--img\" src=\"https:\/\/www.belgae.be\/fr\/wp-content\/uploads\/sites\/2\/2023\/08\/aiony-haust-3TLl_97HNJo-unsplash-1.jpg\" alt=\"Example Artiste 6\"><div class=\"tableCell--div\"><span>Example Artiste 6<\/span><\/div><\/a><\/div><div class=\"tableCell--container onePxBlackBorder tableCell\"><a href=\"https:\/\/www.belgae.be\/fr\/artiste\/example-artiste-7\/\" class=\"tableCell--a et_pb_image\"><img decoding=\"async\" class=\"tableCell--img\" src=\"https:\/\/www.belgae.be\/fr\/wp-content\/uploads\/sites\/2\/2023\/08\/christian-buehner-XiWX754jx0s-unsplash.jpg\" alt=\"Example Artiste 7\"><div class=\"tableCell--div\"><span>Example Artiste 7<\/span><\/div><\/a><\/div><\/div>Artistes &amp; Cr\u00e9ateursGr\u00e2ce \u00e0 nos collaborations \u00e9troites, chaque v\u00eatement que [&hellip;]<\/p>\n","protected":false},"author":1,"featured_media":0,"parent":0,"menu_order":0,"comment_status":"closed","ping_status":"closed","template":"","meta":{"_acf_changed":false,"_et_pb_use_builder":"on","_et_pb_old_content":"","_et_gb_content_width":"","footnotes":""},"class_list":["post-497","page","type-page","status-publish","hentry"],"acf":[],"yoast_head":"<!-- This site is optimized with the Yoast SEO plugin v27.5 - https:\/\/yoast.com\/product\/yoast-seo-wordpress\/ -->\n<title>Artistes | Belgae<\/title>\n<meta name=\"robots\" content=\"index, follow, max-snippet:-1, max-image-preview:large, max-video-preview:-1\" \/>\n<link rel=\"canonical\" href=\"https:\/\/www.belgae.be\/fr\/artistes\/\" \/>\n<meta property=\"og:locale\" content=\"fr_FR\" \/>\n<meta property=\"og:type\" content=\"article\" \/>\n<meta property=\"og:title\" content=\"Artistes | Belgae\" \/>\n<meta property=\"og:description\" content=\"Artistes &amp; Cr\u00e9ateursGr\u00e2ce \u00e0 nos collaborations \u00e9troites, chaque v\u00eatement que vous trouverez chez nous est bien plus qu&#039;un simple habit : c&#039;est l&#039;\u0153uvre d&#039;art d&#039;un artiste, que vous pourrez porter avec fiert\u00e9. Ici, l&#039;art se transforme en v\u00eatement et la mode devient une forme d&#039;expression authentique.Artistes &amp; Cr\u00e9ateursGr\u00e2ce \u00e0 nos collaborations \u00e9troites, chaque v\u00eatement que [&hellip;]\" \/>\n<meta property=\"og:url\" content=\"https:\/\/www.belgae.be\/fr\/artistes\/\" \/>\n<meta property=\"og:site_name\" content=\"Belgae\" \/>\n<meta property=\"article:modified_time\" content=\"2023-08-08T18:57:00+00:00\" \/>\n<meta name=\"twitter:card\" content=\"summary_large_image\" \/>\n<meta name=\"twitter:label1\" content=\"Dur\u00e9e de lecture estim\u00e9e\" \/>\n\t<meta name=\"twitter:data1\" content=\"4 minutes\" \/>\n<script type=\"application\/ld+json\" class=\"yoast-schema-graph\">{\"@context\":\"https:\\\/\\\/schema.org\",\"@graph\":[{\"@type\":\"WebPage\",\"@id\":\"https:\\\/\\\/www.belgae.be\\\/fr\\\/artistes\\\/\",\"url\":\"https:\\\/\\\/www.belgae.be\\\/fr\\\/artistes\\\/\",\"name\":\"Artistes | Belgae\",\"isPartOf\":{\"@id\":\"https:\\\/\\\/www.belgae.be\\\/fr\\\/#website\"},\"datePublished\":\"2023-06-04T07:56:54+00:00\",\"dateModified\":\"2023-08-08T18:57:00+00:00\",\"breadcrumb\":{\"@id\":\"https:\\\/\\\/www.belgae.be\\\/fr\\\/artistes\\\/#breadcrumb\"},\"inLanguage\":\"fr-FR\",\"potentialAction\":[{\"@type\":\"ReadAction\",\"target\":[\"https:\\\/\\\/www.belgae.be\\\/fr\\\/artistes\\\/\"]}]},{\"@type\":\"BreadcrumbList\",\"@id\":\"https:\\\/\\\/www.belgae.be\\\/fr\\\/artistes\\\/#breadcrumb\",\"itemListElement\":[{\"@type\":\"ListItem\",\"position\":1,\"name\":\"Accueil\",\"item\":\"https:\\\/\\\/www.belgae.be\\\/fr\\\/\"},{\"@type\":\"ListItem\",\"position\":2,\"name\":\"Artistes\"}]},{\"@type\":\"WebSite\",\"@id\":\"https:\\\/\\\/www.belgae.be\\\/fr\\\/#website\",\"url\":\"https:\\\/\\\/www.belgae.be\\\/fr\\\/\",\"name\":\"Belgae\",\"description\":\"Art &amp; Mode Belge\",\"publisher\":{\"@id\":\"https:\\\/\\\/www.belgae.be\\\/fr\\\/#organization\"},\"potentialAction\":[{\"@type\":\"SearchAction\",\"target\":{\"@type\":\"EntryPoint\",\"urlTemplate\":\"https:\\\/\\\/www.belgae.be\\\/fr\\\/?s={search_term_string}\"},\"query-input\":{\"@type\":\"PropertyValueSpecification\",\"valueRequired\":true,\"valueName\":\"search_term_string\"}}],\"inLanguage\":\"fr-FR\"},{\"@type\":\"Organization\",\"@id\":\"https:\\\/\\\/www.belgae.be\\\/fr\\\/#organization\",\"name\":\"Belgae\",\"url\":\"https:\\\/\\\/www.belgae.be\\\/fr\\\/\",\"logo\":{\"@type\":\"ImageObject\",\"inLanguage\":\"fr-FR\",\"@id\":\"https:\\\/\\\/www.belgae.be\\\/fr\\\/#\\\/schema\\\/logo\\\/image\\\/\",\"url\":\"https:\\\/\\\/www.belgae.be\\\/fr\\\/wp-content\\\/uploads\\\/sites\\\/2\\\/2023\\\/07\\\/Sans-titre1-Copie.png\",\"contentUrl\":\"https:\\\/\\\/www.belgae.be\\\/fr\\\/wp-content\\\/uploads\\\/sites\\\/2\\\/2023\\\/07\\\/Sans-titre1-Copie.png\",\"width\":88,\"height\":88,\"caption\":\"Belgae\"},\"image\":{\"@id\":\"https:\\\/\\\/www.belgae.be\\\/fr\\\/#\\\/schema\\\/logo\\\/image\\\/\"}}]}<\/script>\n<!-- \/ Yoast SEO plugin. -->","yoast_head_json":{"title":"Artistes | Belgae","robots":{"index":"index","follow":"follow","max-snippet":"max-snippet:-1","max-image-preview":"max-image-preview:large","max-video-preview":"max-video-preview:-1"},"canonical":"https:\/\/www.belgae.be\/fr\/artistes\/","og_locale":"fr_FR","og_type":"article","og_title":"Artistes | Belgae","og_description":"Artistes &amp; Cr\u00e9ateursGr\u00e2ce \u00e0 nos collaborations \u00e9troites, chaque v\u00eatement que vous trouverez chez nous est bien plus qu'un simple habit : c'est l'\u0153uvre d'art d'un artiste, que vous pourrez porter avec fiert\u00e9. Ici, l'art se transforme en v\u00eatement et la mode devient une forme d'expression authentique.Artistes &amp; Cr\u00e9ateursGr\u00e2ce \u00e0 nos collaborations \u00e9troites, chaque v\u00eatement que [&hellip;]","og_url":"https:\/\/www.belgae.be\/fr\/artistes\/","og_site_name":"Belgae","article_modified_time":"2023-08-08T18:57:00+00:00","twitter_card":"summary_large_image","twitter_misc":{"Dur\u00e9e de lecture estim\u00e9e":"4 minutes"},"schema":{"@context":"https:\/\/schema.org","@graph":[{"@type":"WebPage","@id":"https:\/\/www.belgae.be\/fr\/artistes\/","url":"https:\/\/www.belgae.be\/fr\/artistes\/","name":"Artistes | Belgae","isPartOf":{"@id":"https:\/\/www.belgae.be\/fr\/#website"},"datePublished":"2023-06-04T07:56:54+00:00","dateModified":"2023-08-08T18:57:00+00:00","breadcrumb":{"@id":"https:\/\/www.belgae.be\/fr\/artistes\/#breadcrumb"},"inLanguage":"fr-FR","potentialAction":[{"@type":"ReadAction","target":["https:\/\/www.belgae.be\/fr\/artistes\/"]}]},{"@type":"BreadcrumbList","@id":"https:\/\/www.belgae.be\/fr\/artistes\/#breadcrumb","itemListElement":[{"@type":"ListItem","position":1,"name":"Accueil","item":"https:\/\/www.belgae.be\/fr\/"},{"@type":"ListItem","position":2,"name":"Artistes"}]},{"@type":"WebSite","@id":"https:\/\/www.belgae.be\/fr\/#website","url":"https:\/\/www.belgae.be\/fr\/","name":"Belgae","description":"Art &amp; Mode Belge","publisher":{"@id":"https:\/\/www.belgae.be\/fr\/#organization"},"potentialAction":[{"@type":"SearchAction","target":{"@type":"EntryPoint","urlTemplate":"https:\/\/www.belgae.be\/fr\/?s={search_term_string}"},"query-input":{"@type":"PropertyValueSpecification","valueRequired":true,"valueName":"search_term_string"}}],"inLanguage":"fr-FR"},{"@type":"Organization","@id":"https:\/\/www.belgae.be\/fr\/#organization","name":"Belgae","url":"https:\/\/www.belgae.be\/fr\/","logo":{"@type":"ImageObject","inLanguage":"fr-FR","@id":"https:\/\/www.belgae.be\/fr\/#\/schema\/logo\/image\/","url":"https:\/\/www.belgae.be\/fr\/wp-content\/uploads\/sites\/2\/2023\/07\/Sans-titre1-Copie.png","contentUrl":"https:\/\/www.belgae.be\/fr\/wp-content\/uploads\/sites\/2\/2023\/07\/Sans-titre1-Copie.png","width":88,"height":88,"caption":"Belgae"},"image":{"@id":"https:\/\/www.belgae.be\/fr\/#\/schema\/logo\/image\/"}}]}},"_links":{"self":[{"href":"https:\/\/www.belgae.be\/fr\/wp-json\/wp\/v2\/pages\/497","targetHints":{"allow":["GET"]}}],"collection":[{"href":"https:\/\/www.belgae.be\/fr\/wp-json\/wp\/v2\/pages"}],"about":[{"href":"https:\/\/www.belgae.be\/fr\/wp-json\/wp\/v2\/types\/page"}],"author":[{"embeddable":true,"href":"https:\/\/www.belgae.be\/fr\/wp-json\/wp\/v2\/users\/1"}],"replies":[{"embeddable":true,"href":"https:\/\/www.belgae.be\/fr\/wp-json\/wp\/v2\/comments?post=497"}],"version-history":[{"count":0,"href":"https:\/\/www.belgae.be\/fr\/wp-json\/wp\/v2\/pages\/497\/revisions"}],"wp:attachment":[{"href":"https:\/\/www.belgae.be\/fr\/wp-json\/wp\/v2\/media?parent=497"}],"curies":[{"name":"wp","href":"https:\/\/api.w.org\/{rel}","templated":true}]}}