{"id":2307,"date":"2023-07-24T12:21:08","date_gmt":"2023-07-24T12:21:08","guid":{"rendered":"https:\/\/www.belgae.be\/fr\/?page_id=2307"},"modified":"2023-07-24T12:23:24","modified_gmt":"2023-07-24T12:23:24","slug":"sitemap","status":"publish","type":"page","link":"https:\/\/www.belgae.be\/fr\/sitemap\/","title":{"rendered":"Sitemap"},"content":{"rendered":"<p>[et_pb_section fb_built=&#8221;1&#8243; _builder_version=&#8221;4.21.0&#8243; _module_preset=&#8221;default&#8221; global_colors_info=&#8221;{}&#8221; theme_builder_area=&#8221;post_content&#8221;][et_pb_row _builder_version=&#8221;4.21.0&#8243; _module_preset=&#8221;default&#8221; global_colors_info=&#8221;%91%93&#8243; theme_builder_area=&#8221;post_content&#8221;][et_pb_column type=&#8221;4_4&#8243; _builder_version=&#8221;4.21.0&#8243; _module_preset=&#8221;default&#8221; global_colors_info=&#8221;{}&#8221; theme_builder_area=&#8221;post_content&#8221;][et_pb_code _builder_version=&#8221;4.21.0&#8243; _module_preset=&#8221;default&#8221; global_colors_info=&#8221;{}&#8221; theme_builder_area=&#8221;post_content&#8221;]<h2>All Main Pages<\/h2><ul><li><a href=\"https:\/\/www.belgae.be\/fr\/about\/\">\u00c0 propos<\/a><\/li><li><a href=\"https:\/\/www.belgae.be\/fr\/\">Accueil<\/a><\/li><li><a href=\"https:\/\/www.belgae.be\/fr\/vintages\/\">Ann\u00e9es<\/a><\/li><li><a href=\"https:\/\/www.belgae.be\/fr\/artistes\/\">Artistes<\/a><\/li><li><a href=\"https:\/\/www.belgae.be\/fr\/blog\/\">Blog<\/a><\/li><li><a href=\"https:\/\/www.belgae.be\/fr\/terms-conditions\/\">Conditions g\u00e9n\u00e9rales de vente<\/a><\/li><li><a href=\"https:\/\/www.belgae.be\/fr\/contact\/\">Contact<\/a><\/li><li><a href=\"https:\/\/www.belgae.be\/fr\/legal\/\">Liens l\u00e9gaux<\/a><\/li><li><a href=\"https:\/\/www.belgae.be\/fr\/legal-information\/\">Mentions l\u00e9gales<\/a><\/li><li><a href=\"https:\/\/www.belgae.be\/fr\/account\/\">Mon compte<\/a><\/li><li><a href=\"https:\/\/www.belgae.be\/fr\/cart\/\">Panier<\/a><\/li><li><a href=\"https:\/\/www.belgae.be\/fr\/privacy\/\">Politique de confidentialit\u00e9<\/a><\/li><li><a href=\"https:\/\/www.belgae.be\/fr\/cookies\/\">Politique de cookies<\/a><\/li><li><a href=\"https:\/\/www.belgae.be\/fr\/refunds-returns\/\">Politique en mati\u00e8re de remboursements et de retours<\/a><\/li><li><a href=\"https:\/\/www.belgae.be\/fr\/sitemap\/\">Sitemap<\/a><\/li><li><a href=\"https:\/\/www.belgae.be\/fr\/tags\/\">Tags<\/a><\/li><li><a href=\"https:\/\/www.belgae.be\/fr\/order\/\">Validation de la commande<\/a><\/li><\/ul><h2>Artists & Clothings<\/h2><ul><li><h3><a href=\"https:\/\/www.belgae.be\/fr\/artiste\/default\/\">default<\/a><\/h3><ul><li><a href=\"https:\/\/www.belgae.be\/fr\/fringue\/belgae-original-t\/\">Belgae Original (T)<\/a><\/li><li><a href=\"https:\/\/www.belgae.be\/fr\/fringue\/le-connard-s\/\">Le connard (S)<\/a><\/li><li><a href=\"https:\/\/www.belgae.be\/fr\/fringue\/le-connard-t\/\">Le connard (T)<\/a><\/li><li><a href=\"https:\/\/www.belgae.be\/fr\/fringue\/belgae-original-s\/\">Belgae Original (S)<\/a><\/li><\/ul><\/li><li><h3><a href=\"https:\/\/www.belgae.be\/fr\/artiste\/example-artiste-1\/\">Example Artiste 1<\/a><\/h3><p>No products found in this category.<\/p><\/li><li><h3><a href=\"https:\/\/www.belgae.be\/fr\/artiste\/example-artiste-2\/\">Example Artiste 2<\/a><\/h3><p>No products found in this category.<\/p><\/li><li><h3><a href=\"https:\/\/www.belgae.be\/fr\/artiste\/example-artiste-3\/\">Example Artiste 3<\/a><\/h3><p>No products found in this category.<\/p><\/li><li><h3><a href=\"https:\/\/www.belgae.be\/fr\/artiste\/example-artiste-4\/\">Example Artiste 4<\/a><\/h3><p>No products found in this category.<\/p><\/li><li><h3><a href=\"https:\/\/www.belgae.be\/fr\/artiste\/example-artiste-5\/\">Example Artiste 5<\/a><\/h3><p>No products found in this category.<\/p><\/li><li><h3><a href=\"https:\/\/www.belgae.be\/fr\/artiste\/example-artiste-6\/\">Example Artiste 6<\/a><\/h3><p>No products found in this category.<\/p><\/li><li><h3><a href=\"https:\/\/www.belgae.be\/fr\/artiste\/example-artiste-7\/\">Example Artiste 7<\/a><\/h3><p>No products found in this category.<\/p><\/li><\/ul><h2>Clothing Tags<\/h2><ul><li>tag1<\/li><li>tag2<\/li><li>test tags<\/li><\/ul><h2>Blog Categories and Posts<\/h2><ul><li><h3><a href=\"https:\/\/www.belgae.be\/fr\/blog\/category\/belgium\/\">Belgium<\/a><\/h3><ul><li><a href=\"https:\/\/www.belgae.be\/fr\/blog\/faire-du-shopping-en-belgique\/\">La Belgique, une destination shopping incontournable (18 meilleurs spots)<\/a><\/li><li><a href=\"https:\/\/www.belgae.be\/fr\/blog\/defiles-de-mode-en-belgique\/\">D\u00e9fil\u00e9s de mode et \u00e9v\u00e9nements en Belgique (16 \u00e0 ne pas manquer)<\/a><\/li><li><a href=\"https:\/\/www.belgae.be\/fr\/blog\/bruxelles-capitale-de-la-mode-de-la-belgique-et-de-leurope\/\">Bruxelles : Capitale de la mode de la Belgique et de l&#8217;Europe<\/a><\/li><li><a href=\"https:\/\/www.belgae.be\/fr\/blog\/ecoles-de-mode-en-belgique-top-9\/\">\u00c9coles de Mode en Belgique (Top #9)<\/a><\/li><li><a href=\"https:\/\/www.belgae.be\/fr\/blog\/la-tenue-a-travers-le-surrealisme-belge-reve-et-imagination\/\">La Tenue \u00e0 Travers le Surr\u00e9alisme Belge : R\u00eave et Imagination<\/a><\/li><li><a href=\"https:\/\/www.belgae.be\/fr\/blog\/histoire-et-chronologie-de-la-mode-belge\/\">Histoire et Chronologie de la Mode Belge<\/a><\/li><li><a href=\"https:\/\/www.belgae.be\/fr\/blog\/petite-histoire-de-lindustrie-textile-en-belgique\/\">Petite Histoire de l&#8217;Industrie Textile en Belgique<\/a><\/li><li><a href=\"https:\/\/www.belgae.be\/fr\/blog\/le-minimalisme-belge-dans-la-mode-en-noir-et-blanc\/\">Le Minimalisme Belge dans la Mode : En Noir et Blanc<\/a><\/li><li><a href=\"https:\/\/www.belgae.be\/fr\/blog\/mannequins-et-modeles-belges-top-11\/\">Mannequins et Mod\u00e8les Belges (Top #11)<\/a><\/li><li><a href=\"https:\/\/www.belgae.be\/fr\/blog\/createurs-de-mode-la-belgique-un-vivier-de-talents\/\">Cr\u00e9ateurs de Mode : La Belgique, un Vivier de Talents<\/a><\/li><\/ul><\/li><li><h3><a href=\"https:\/\/www.belgae.be\/fr\/blog\/category\/look-style\/\">Look &amp; Style<\/a><\/h3><ul><li><a href=\"https:\/\/www.belgae.be\/fr\/blog\/t-shirt-pour-hommes\/\">Style pour Hommes : le T-shirt, un Basique Intemporel<\/a><\/li><li><a href=\"https:\/\/www.belgae.be\/fr\/blog\/portant-du-beige\/\">Porter du beige : combinaisons, psychologie, etc<\/a><\/li><li><a href=\"https:\/\/www.belgae.be\/fr\/blog\/portant-du-bordeaux\/\">Porter du bordeaux : combinaisons, psychologie, etc<\/a><\/li><li><a href=\"https:\/\/www.belgae.be\/fr\/blog\/portant-de-largent\/\">Porter de l&#8217;argent\u00e9 : combinaisons, psychologie, etc<\/a><\/li><li><a href=\"https:\/\/www.belgae.be\/fr\/blog\/portant-de-lor\/\">Porter du dor\u00e9 : combinaisons, psychologie, etc<\/a><\/li><li><a href=\"https:\/\/www.belgae.be\/fr\/blog\/portant-du-cyan\/\">Porter du cyan : combinaisons, psychologie, etc<\/a><\/li><li><a href=\"https:\/\/www.belgae.be\/fr\/blog\/portant-du-magenta\/\">Porter du magenta : combinaisons, psychologie, etc<\/a><\/li><li><a href=\"https:\/\/www.belgae.be\/fr\/blog\/portant-du-turquoise\/\">Porter du turquoise : combinaisons, psychologie, etc<\/a><\/li><li><a href=\"https:\/\/www.belgae.be\/fr\/blog\/portant-du-gris\/\">Porter du gris : combinaisons, psychologie, etc<\/a><\/li><li><a href=\"https:\/\/www.belgae.be\/fr\/blog\/portant-du-marron\/\">Porter du marron : combinaisons, psychologie, etc<\/a><\/li><li><a href=\"https:\/\/www.belgae.be\/fr\/blog\/portant-du-orange\/\">Porter de l&#8217;orange : combinaisons, psychologie, etc<\/a><\/li><li><a href=\"https:\/\/www.belgae.be\/fr\/blog\/portant-du-violet\/\">Porter du violet : combinaisons, psychologie, etc<\/a><\/li><li><a href=\"https:\/\/www.belgae.be\/fr\/blog\/portant-du-rose\/\">Porter du rose : combinaisons, psychologie, etc<\/a><\/li><li><a href=\"https:\/\/www.belgae.be\/fr\/blog\/portant-du-blanc\/\">Porter du blanc : combinaisons, psychologie, etc<\/a><\/li><li><a href=\"https:\/\/www.belgae.be\/fr\/blog\/portant-du-noir\/\">Porter du noir : combinaisons, psychologie, etc<\/a><\/li><li><a href=\"https:\/\/www.belgae.be\/fr\/blog\/portant-du-jaune\/\">Porter du jaune : combinaisons, psychologie, etc<\/a><\/li><li><a href=\"https:\/\/www.belgae.be\/fr\/blog\/portant-du-vert\/\">Porter du vert : combinaisons, psychologie, etc<\/a><\/li><li><a href=\"https:\/\/www.belgae.be\/fr\/blog\/portant-du-rouge\/\">Porter du rouge : combinaisons, psychologie, etc<\/a><\/li><li><a href=\"https:\/\/www.belgae.be\/fr\/blog\/portant-du-bleu\/\">Porter du bleu : combinaisons, psychologie, etc<\/a><\/li><li><a href=\"https:\/\/www.belgae.be\/fr\/blog\/quelles-chaussures-porter-avec-un-t-shirt-noir-9-conseils\/\">Quelles chaussures porter avec un t-shirt noir ?  (9 conseils)<\/a><\/li><li><a href=\"https:\/\/www.belgae.be\/fr\/blog\/vetements-oversize-plus-de-confort-et-de-style\/\">V\u00eatements Oversize : Plus de Confort et de Style<\/a><\/li><li><a href=\"https:\/\/www.belgae.be\/fr\/blog\/comment-choisir-le-t-shirt-parfait-pour-votre-type-de-corps\/\">Comment choisir le t-shirt parfait pour votre type de corps ?<\/a><\/li><li><a href=\"https:\/\/www.belgae.be\/fr\/blog\/t-shirts-graphiques-une-declaration-audacieuse-de-style\/\">T-shirts graphiques : Une d\u00e9claration audacieuse de style<\/a><\/li><li><a href=\"https:\/\/www.belgae.be\/fr\/blog\/streetwear-allier-jogging-et-t-shirt-pour-un-look-detente\/\">Streetwear : Associez jogging et t-shirt pour un look d\u00e9contract\u00e9<\/a><\/li><li><a href=\"https:\/\/www.belgae.be\/fr\/blog\/le-t-shirt-un-vetement-unisexe-style-sans-frontieres\/\">Le T-shirt, un v\u00eatement unisexe : style sans fronti\u00e8res<\/a><\/li><li><a href=\"https:\/\/www.belgae.be\/fr\/blog\/quelle-piece-de-mode-porter-lors-dun-festival-cet-ete\/\">Quelle pi\u00e8ce de mode porter lors d&#8217;un festival cet \u00e9t\u00e9 ?<\/a><\/li><\/ul><\/li><li><h3><a href=\"https:\/\/www.belgae.be\/fr\/blog\/category\/trends-lifestyle\/\">Trends &amp; Lifestyle<\/a><\/h3><ul><li><a href=\"https:\/\/www.belgae.be\/fr\/blog\/tendances-de-la-mode-dans-le-monde-entier\/\">Guide de voyage : la mode autour du monde (22 meilleures villes)<\/a><\/li><li><a href=\"https:\/\/www.belgae.be\/fr\/blog\/portrait-linfluence-de-keith-haring-sur-la-mode\/\">Portrait : L&#8217;influence de Keith Haring sur la mode<\/a><\/li><li><a href=\"https:\/\/www.belgae.be\/fr\/blog\/astuces-pour-rester-a-la-pointe-de-la-mode-sans-se-ruiner\/\">Astuces pour Rester \u00e0 la Pointe de la Mode sans Se Ruiner<\/a><\/li><li><a href=\"https:\/\/www.belgae.be\/fr\/blog\/sweatshirts-et-messages-engages-la-mode-pour-sensibiliser\/\">Sweats et Messages Engag\u00e9s : La Mode pour Sensibiliser<\/a><\/li><li><a href=\"https:\/\/www.belgae.be\/fr\/blog\/t-shirt-de-designer-pour-le-milieu-pro-bonne-idee\/\">T-shirt de designer pour le monde professionnel : bonne id\u00e9e ?<\/a><\/li><li><a href=\"https:\/\/www.belgae.be\/fr\/blog\/avoir-son-style-ou-suivre-les-tendances-savoir-concilier\/\">Avoir son propre style ou suivre les tendances : savoir concilier<\/a><\/li><li><a href=\"https:\/\/www.belgae.be\/fr\/blog\/choisir-des-vetements-confortables-pour-un-mode-de-vie-relax\/\">Choisissez des v\u00eatements confortables pour un mode de vie d\u00e9tendu<\/a><\/li><li><a href=\"https:\/\/www.belgae.be\/fr\/blog\/choisir-sa-tenue-une-etape-du-rituel-du-matin\/\">Choisir une Tenue : Une \u00c9tape du Rituel Matinal<\/a><\/li><\/ul><\/li><li><h3><a href=\"https:\/\/www.belgae.be\/fr\/blog\/category\/uncategorized\/\">Uncategorized<\/a><\/h3><p>No posts found in this category.<\/p><\/li><\/ul>[\/et_pb_code][\/et_pb_column][\/et_pb_row][\/et_pb_section]<\/p>\n","protected":false},"excerpt":{"rendered":"<p>[et_pb_section fb_built=&#8221;1&#8243; _builder_version=&#8221;4.21.0&#8243; _module_preset=&#8221;default&#8221; global_colors_info=&#8221;{}&#8221; theme_builder_area=&#8221;post_content&#8221;][et_pb_row _builder_version=&#8221;4.21.0&#8243; _module_preset=&#8221;default&#8221; global_colors_info=&#8221;%91%93&#8243; theme_builder_area=&#8221;post_content&#8221;][et_pb_column type=&#8221;4_4&#8243; _builder_version=&#8221;4.21.0&#8243; _module_preset=&#8221;default&#8221; global_colors_info=&#8221;{}&#8221; theme_builder_area=&#8221;post_content&#8221;][et_pb_code _builder_version=&#8221;4.21.0&#8243; _module_preset=&#8221;default&#8221; global_colors_info=&#8221;{}&#8221; theme_builder_area=&#8221;post_content&#8221;][\/et_pb_code][\/et_pb_column][\/et_pb_row][\/et_pb_section]<\/p>\n","protected":false},"author":1,"featured_media":0,"parent":0,"menu_order":0,"comment_status":"closed","ping_status":"closed","template":"","meta":{"_acf_changed":false,"_et_pb_use_builder":"on","_et_pb_old_content":"","_et_gb_content_width":"","footnotes":""},"class_list":["post-2307","page","type-page","status-publish","hentry"],"acf":[],"yoast_head":"<!-- This site is optimized with the Yoast SEO plugin v27.5 - https:\/\/yoast.com\/product\/yoast-seo-wordpress\/ -->\n<title>Sitemap | Belgae<\/title>\n<meta name=\"robots\" content=\"index, follow, max-snippet:-1, max-image-preview:large, max-video-preview:-1\" \/>\n<link rel=\"canonical\" href=\"https:\/\/www.belgae.be\/fr\/sitemap\/\" \/>\n<meta property=\"og:locale\" content=\"fr_FR\" \/>\n<meta property=\"og:type\" content=\"article\" \/>\n<meta property=\"og:title\" content=\"Sitemap | Belgae\" \/>\n<meta property=\"og:description\" content=\"[et_pb_section fb_built=&#8221;1&#8243; _builder_version=&#8221;4.21.0&#8243; _module_preset=&#8221;default&#8221; global_colors_info=&#8221;{}&#8221; theme_builder_area=&#8221;post_content&#8221;][et_pb_row _builder_version=&#8221;4.21.0&#8243; _module_preset=&#8221;default&#8221; global_colors_info=&#8221;%91%93&#8243; theme_builder_area=&#8221;post_content&#8221;][et_pb_column type=&#8221;4_4&#8243; _builder_version=&#8221;4.21.0&#8243; _module_preset=&#8221;default&#8221; global_colors_info=&#8221;{}&#8221; theme_builder_area=&#8221;post_content&#8221;][et_pb_code _builder_version=&#8221;4.21.0&#8243; _module_preset=&#8221;default&#8221; global_colors_info=&#8221;{}&#8221; theme_builder_area=&#8221;post_content&#8221;][\/et_pb_code][\/et_pb_column][\/et_pb_row][\/et_pb_section]\" \/>\n<meta property=\"og:url\" content=\"https:\/\/www.belgae.be\/fr\/sitemap\/\" \/>\n<meta property=\"og:site_name\" content=\"Belgae\" \/>\n<meta property=\"article:modified_time\" content=\"2023-07-24T12:23:24+00:00\" \/>\n<meta name=\"twitter:card\" content=\"summary_large_image\" \/>\n<script type=\"application\/ld+json\" class=\"yoast-schema-graph\">{\"@context\":\"https:\\\/\\\/schema.org\",\"@graph\":[{\"@type\":\"WebPage\",\"@id\":\"https:\\\/\\\/www.belgae.be\\\/fr\\\/sitemap\\\/\",\"url\":\"https:\\\/\\\/www.belgae.be\\\/fr\\\/sitemap\\\/\",\"name\":\"Sitemap | Belgae\",\"isPartOf\":{\"@id\":\"https:\\\/\\\/www.belgae.be\\\/fr\\\/#website\"},\"datePublished\":\"2023-07-24T12:21:08+00:00\",\"dateModified\":\"2023-07-24T12:23:24+00:00\",\"breadcrumb\":{\"@id\":\"https:\\\/\\\/www.belgae.be\\\/fr\\\/sitemap\\\/#breadcrumb\"},\"inLanguage\":\"fr-FR\",\"potentialAction\":[{\"@type\":\"ReadAction\",\"target\":[\"https:\\\/\\\/www.belgae.be\\\/fr\\\/sitemap\\\/\"]}]},{\"@type\":\"BreadcrumbList\",\"@id\":\"https:\\\/\\\/www.belgae.be\\\/fr\\\/sitemap\\\/#breadcrumb\",\"itemListElement\":[{\"@type\":\"ListItem\",\"position\":1,\"name\":\"Accueil\",\"item\":\"https:\\\/\\\/www.belgae.be\\\/fr\\\/\"},{\"@type\":\"ListItem\",\"position\":2,\"name\":\"Sitemap\"}]},{\"@type\":\"WebSite\",\"@id\":\"https:\\\/\\\/www.belgae.be\\\/fr\\\/#website\",\"url\":\"https:\\\/\\\/www.belgae.be\\\/fr\\\/\",\"name\":\"Belgae\",\"description\":\"Art &amp; Mode Belge\",\"publisher\":{\"@id\":\"https:\\\/\\\/www.belgae.be\\\/fr\\\/#organization\"},\"potentialAction\":[{\"@type\":\"SearchAction\",\"target\":{\"@type\":\"EntryPoint\",\"urlTemplate\":\"https:\\\/\\\/www.belgae.be\\\/fr\\\/?s={search_term_string}\"},\"query-input\":{\"@type\":\"PropertyValueSpecification\",\"valueRequired\":true,\"valueName\":\"search_term_string\"}}],\"inLanguage\":\"fr-FR\"},{\"@type\":\"Organization\",\"@id\":\"https:\\\/\\\/www.belgae.be\\\/fr\\\/#organization\",\"name\":\"Belgae\",\"url\":\"https:\\\/\\\/www.belgae.be\\\/fr\\\/\",\"logo\":{\"@type\":\"ImageObject\",\"inLanguage\":\"fr-FR\",\"@id\":\"https:\\\/\\\/www.belgae.be\\\/fr\\\/#\\\/schema\\\/logo\\\/image\\\/\",\"url\":\"https:\\\/\\\/www.belgae.be\\\/fr\\\/wp-content\\\/uploads\\\/sites\\\/2\\\/2023\\\/07\\\/Sans-titre1-Copie.png\",\"contentUrl\":\"https:\\\/\\\/www.belgae.be\\\/fr\\\/wp-content\\\/uploads\\\/sites\\\/2\\\/2023\\\/07\\\/Sans-titre1-Copie.png\",\"width\":88,\"height\":88,\"caption\":\"Belgae\"},\"image\":{\"@id\":\"https:\\\/\\\/www.belgae.be\\\/fr\\\/#\\\/schema\\\/logo\\\/image\\\/\"}}]}<\/script>\n<!-- \/ Yoast SEO plugin. -->","yoast_head_json":{"title":"Sitemap | Belgae","robots":{"index":"index","follow":"follow","max-snippet":"max-snippet:-1","max-image-preview":"max-image-preview:large","max-video-preview":"max-video-preview:-1"},"canonical":"https:\/\/www.belgae.be\/fr\/sitemap\/","og_locale":"fr_FR","og_type":"article","og_title":"Sitemap | Belgae","og_description":"[et_pb_section fb_built=&#8221;1&#8243; _builder_version=&#8221;4.21.0&#8243; _module_preset=&#8221;default&#8221; global_colors_info=&#8221;{}&#8221; theme_builder_area=&#8221;post_content&#8221;][et_pb_row _builder_version=&#8221;4.21.0&#8243; _module_preset=&#8221;default&#8221; global_colors_info=&#8221;%91%93&#8243; theme_builder_area=&#8221;post_content&#8221;][et_pb_column type=&#8221;4_4&#8243; _builder_version=&#8221;4.21.0&#8243; _module_preset=&#8221;default&#8221; global_colors_info=&#8221;{}&#8221; theme_builder_area=&#8221;post_content&#8221;][et_pb_code _builder_version=&#8221;4.21.0&#8243; _module_preset=&#8221;default&#8221; global_colors_info=&#8221;{}&#8221; theme_builder_area=&#8221;post_content&#8221;][\/et_pb_code][\/et_pb_column][\/et_pb_row][\/et_pb_section]","og_url":"https:\/\/www.belgae.be\/fr\/sitemap\/","og_site_name":"Belgae","article_modified_time":"2023-07-24T12:23:24+00:00","twitter_card":"summary_large_image","schema":{"@context":"https:\/\/schema.org","@graph":[{"@type":"WebPage","@id":"https:\/\/www.belgae.be\/fr\/sitemap\/","url":"https:\/\/www.belgae.be\/fr\/sitemap\/","name":"Sitemap | Belgae","isPartOf":{"@id":"https:\/\/www.belgae.be\/fr\/#website"},"datePublished":"2023-07-24T12:21:08+00:00","dateModified":"2023-07-24T12:23:24+00:00","breadcrumb":{"@id":"https:\/\/www.belgae.be\/fr\/sitemap\/#breadcrumb"},"inLanguage":"fr-FR","potentialAction":[{"@type":"ReadAction","target":["https:\/\/www.belgae.be\/fr\/sitemap\/"]}]},{"@type":"BreadcrumbList","@id":"https:\/\/www.belgae.be\/fr\/sitemap\/#breadcrumb","itemListElement":[{"@type":"ListItem","position":1,"name":"Accueil","item":"https:\/\/www.belgae.be\/fr\/"},{"@type":"ListItem","position":2,"name":"Sitemap"}]},{"@type":"WebSite","@id":"https:\/\/www.belgae.be\/fr\/#website","url":"https:\/\/www.belgae.be\/fr\/","name":"Belgae","description":"Art &amp; Mode Belge","publisher":{"@id":"https:\/\/www.belgae.be\/fr\/#organization"},"potentialAction":[{"@type":"SearchAction","target":{"@type":"EntryPoint","urlTemplate":"https:\/\/www.belgae.be\/fr\/?s={search_term_string}"},"query-input":{"@type":"PropertyValueSpecification","valueRequired":true,"valueName":"search_term_string"}}],"inLanguage":"fr-FR"},{"@type":"Organization","@id":"https:\/\/www.belgae.be\/fr\/#organization","name":"Belgae","url":"https:\/\/www.belgae.be\/fr\/","logo":{"@type":"ImageObject","inLanguage":"fr-FR","@id":"https:\/\/www.belgae.be\/fr\/#\/schema\/logo\/image\/","url":"https:\/\/www.belgae.be\/fr\/wp-content\/uploads\/sites\/2\/2023\/07\/Sans-titre1-Copie.png","contentUrl":"https:\/\/www.belgae.be\/fr\/wp-content\/uploads\/sites\/2\/2023\/07\/Sans-titre1-Copie.png","width":88,"height":88,"caption":"Belgae"},"image":{"@id":"https:\/\/www.belgae.be\/fr\/#\/schema\/logo\/image\/"}}]}},"_links":{"self":[{"href":"https:\/\/www.belgae.be\/fr\/wp-json\/wp\/v2\/pages\/2307","targetHints":{"allow":["GET"]}}],"collection":[{"href":"https:\/\/www.belgae.be\/fr\/wp-json\/wp\/v2\/pages"}],"about":[{"href":"https:\/\/www.belgae.be\/fr\/wp-json\/wp\/v2\/types\/page"}],"author":[{"embeddable":true,"href":"https:\/\/www.belgae.be\/fr\/wp-json\/wp\/v2\/users\/1"}],"replies":[{"embeddable":true,"href":"https:\/\/www.belgae.be\/fr\/wp-json\/wp\/v2\/comments?post=2307"}],"version-history":[{"count":0,"href":"https:\/\/www.belgae.be\/fr\/wp-json\/wp\/v2\/pages\/2307\/revisions"}],"wp:attachment":[{"href":"https:\/\/www.belgae.be\/fr\/wp-json\/wp\/v2\/media?parent=2307"}],"curies":[{"name":"wp","href":"https:\/\/api.w.org\/{rel}","templated":true}]}}